{"id":69,"date":"2025-11-14T06:50:10","date_gmt":"2025-11-14T06:50:10","guid":{"rendered":"https:\/\/www.newsrecorder.ro\/app\/home\/"},"modified":"2026-02-04T18:05:11","modified_gmt":"2026-02-04T18:05:11","slug":"home","status":"publish","type":"page","link":"https:\/\/www.newsrecorder.ro\/app\/","title":{"rendered":"Home"},"content":{"rendered":"<div class=\"wpb-content-wrapper\"><p>[vc_row full_width=&#8221;stretch_row&#8221; vc_row_background=&#8221;&#8221; css=&#8221;.vc_custom_1588914589946{background-color: #f9f9f9 !important;}&#8221;][vc_column offset=&#8221;vc_hidden-lg vc_hidden-md vc_hidden-sm vc_hidden-xs&#8221;]<div  class='jeg_ad jeg_ad_module jnews_module__0_69efb2154173f  vc_custom_1588914577961 '><div class='ads-wrapper'><a href='' aria-label=\"Visit advertisement link\" target='_self' rel=\"noopener\" class='adlink ads_image '>\n\t\t\t\t\t\t\t\t<img width=\"728\" height=\"90\" src='https:\/\/www.newsrecorder.ro\/app\/wp-content\/themes\/jnews\/assets\/img\/jeg-empty.png' class='lazyload' data-src='https:\/\/www.newsrecorder.ro\/app\/wp-content\/uploads\/2026\/01\/ad_728x90.png' alt='' data-pin-no-hover=\"true\">\n\t\t\t\t\t\t\t<\/a><a href='' aria-label=\"Visit advertisement link\" target='_self' rel=\"noopener\" class='adlink ads_image_tablet '>\n\t\t\t\t\t\t\t\t<img width=\"728\" height=\"90\" src='https:\/\/www.newsrecorder.ro\/app\/wp-content\/themes\/jnews\/assets\/img\/jeg-empty.png' class='lazyload' data-src='https:\/\/www.newsrecorder.ro\/app\/wp-content\/uploads\/2026\/01\/ad_728x90.png' alt='' data-pin-no-hover=\"true\">\n\t\t\t\t\t\t\t<\/a><a href='' aria-label=\"Visit advertisement link\" target='_self' rel=\"noopener\" class='adlink ads_image_phone '>\n\t\t\t\t\t\t\t\t<img width=\"728\" height=\"90\" src='https:\/\/www.newsrecorder.ro\/app\/wp-content\/themes\/jnews\/assets\/img\/jeg-empty.png' class='lazyload' data-src='https:\/\/www.newsrecorder.ro\/app\/wp-content\/uploads\/2026\/01\/ad_728x90.png' alt='' data-pin-no-hover=\"true\">\n\t\t\t\t\t\t\t<\/a><\/div><\/div>[\/vc_column][\/vc_row][vc_row][vc_column][vc_empty_space height=&#8221;20px&#8221;][\/vc_column][vc_column offset=&#8221;vc_hidden-lg vc_hidden-md vc_hidden-sm vc_hidden-xs&#8221;][vc_empty_space height=&#8221;20px&#8221;][\/vc_column][\/vc_row][vc_row][vc_column width=&#8221;2\/3&#8243; offset=&#8221;vc_hidden-lg vc_hidden-md vc_hidden-sm&#8221;]<div  class=\"jeg_heroblock jeg_heroblock_13 jeg_col_3o3 jeg_hero_style_1 jnews_module__1_69efb21542867  \" data-margin=\"0\" >\n                <div class=\"jeg_hero_wrapper\"><div class=\"jeg_heroblock_wrapper\" style='margin: 0px 0px -0px -0px;'>\n\t                <article class=\"jeg_post jeg_hero_item_1 format-standard\" style=\"padding: 0 0 0px 0px;\">\n                        <div class=\"jeg_block_container\">\n                            \n                            <span class=\"jeg_postformat_icon\"><\/span>\n                            <div class=\"jeg_thumb\">\n                                <a href=\"https:\/\/www.newsrecorder.ro\/app\/2026\/04\/27\/cseke-attila-dezvaluie-prioritatile-cheie-la-ministerul-sanatatii\/\"  aria-label=\"Read article: Cseke Attila dezv\u0103luie priorit\u0103\u021bile cheie la Ministerul S\u0103n\u0103t\u0103\u021bii!\"><div class=\"thumbnail-container thumbnail-background\" data-src=\"https:\/\/www.newsrecorder.ro\/app\/wp-content\/uploads\/2026\/04\/ms.jpg\" >\n                        <div class=\"lazyloaded\" data-src=\"https:\/\/www.newsrecorder.ro\/app\/wp-content\/uploads\/2026\/04\/ms.jpg\" style=\"background-image: url(https:\/\/www.newsrecorder.ro\/app\/wp-content\/uploads\/2026\/04\/ms.jpg)\"><\/div>\n                    <\/div><\/a>\n                            <\/div>\n                            <div class=\"jeg_postblock_content\">\n                                <div class=\"jeg_post_category\"><a href=\"https:\/\/www.newsrecorder.ro\/app\/category\/politica\/\" class=\"category-politica\">Politica<\/a><\/div>\n                                <div class=\"jeg_post_info\">\n                                    <h2 class=\"jeg_post_title\">\n                                        <a href=\"https:\/\/www.newsrecorder.ro\/app\/2026\/04\/27\/cseke-attila-dezvaluie-prioritatile-cheie-la-ministerul-sanatatii\/\"  aria-label=\"Read article: Cseke Attila dezv\u0103luie priorit\u0103\u021bile cheie la Ministerul S\u0103n\u0103t\u0103\u021bii!\">Cseke Attila dezv\u0103luie priorit\u0103\u021bile cheie la Ministerul S\u0103n\u0103t\u0103\u021bii!<\/a>\n                                    <\/h2>\n                                    <div class=\"jeg_post_meta\"><div class=\"jeg_meta_author\"><span class=\"by\">by<\/span> <a href=\"https:\/\/www.newsrecorder.ro\/app\/author\/dragan\/\">Radu Mihai Dragan<\/a><\/div><div class=\"jeg_meta_date\"><a href=\"https:\/\/www.newsrecorder.ro\/app\/2026\/04\/27\/cseke-attila-dezvaluie-prioritatile-cheie-la-ministerul-sanatatii\/\"><i class=\"fa fa-clock-o\"><\/i> aprilie 27, 2026<\/a><\/div><\/div>\n                                <\/div>\n                            <\/div>\n                        <\/div>\n                    <\/article>\n\t            <\/div><\/div>\n            <\/div>\n            <div  class=\"jeg_postblock_3 jeg_postblock jeg_module_hook jeg_pagination_scrollload jeg_col_3o3 jnews_module__2_69efb21546548   \" data-unique=\"jnews_module__2_69efb21546548\">\n\t\t\t\t\t\n\t\t\t\t\t<div class=\"jeg_posts jeg_block_container\">\n                \n                <div class=\"jeg_posts jeg_load_more_flag\">\n                <article class=\"jeg_post jeg_pl_md_2 format-standard\">\n                <div class=\"jeg_thumb\">\n                    \n                    <a href=\"https:\/\/www.newsrecorder.ro\/app\/2026\/04\/27\/ivan-lanseaza-un-apel-sustinerea-este-cruciala-pentru-motiunea-de-cenzura\/\" aria-label=\"Read article: Ivan lanseaz\u0103 un apel: \u201eSus\u021binerea este crucial\u0103 pentru mo\u021biunea de cenzur\u0103!\u201d\"><div class=\"thumbnail-container animate-lazy  size-715 \"><img loading=\"lazy\" decoding=\"async\" width=\"350\" height=\"250\" src=\"https:\/\/www.newsrecorder.ro\/app\/wp-content\/themes\/jnews\/assets\/img\/jeg-empty.png\" class=\"attachment-jnews-350x250 size-jnews-350x250 lazyload wp-post-image\" alt=\"Ivan lanseaz\u0103 un apel: \u201eSus\u021binerea este crucial\u0103 pentru mo\u021biunea de cenzur\u0103!\u201d\" sizes=\"auto, (max-width: 350px) 100vw, 350px\" data-src=\"https:\/\/www.newsrecorder.ro\/app\/wp-content\/uploads\/2026\/04\/7998356-mediafax_foto-alexandru_dobre-1-1024x683-1-350x250.jpg\" data-srcset=\"https:\/\/www.newsrecorder.ro\/app\/wp-content\/uploads\/2026\/04\/7998356-mediafax_foto-alexandru_dobre-1-1024x683-1-350x250.jpg 350w, https:\/\/www.newsrecorder.ro\/app\/wp-content\/uploads\/2026\/04\/7998356-mediafax_foto-alexandru_dobre-1-1024x683-1-120x86.jpg 120w, https:\/\/www.newsrecorder.ro\/app\/wp-content\/uploads\/2026\/04\/7998356-mediafax_foto-alexandru_dobre-1-1024x683-1-750x536.jpg 750w\" data-sizes=\"auto\" data-expand=\"700\" \/><\/div><\/a>\n                <\/div>\n                <div class=\"jeg_postblock_content\">\n                    <h3 class=\"jeg_post_title\">\n                        <a href=\"https:\/\/www.newsrecorder.ro\/app\/2026\/04\/27\/ivan-lanseaza-un-apel-sustinerea-este-cruciala-pentru-motiunea-de-cenzura\/\">Ivan lanseaz\u0103 un apel: \u201eSus\u021binerea este crucial\u0103 pentru mo\u021biunea de cenzur\u0103!\u201d<\/a>\n                    <\/h3>\n                    <div class=\"jeg_post_meta\"><div class=\"jeg_meta_author\"><span class=\"by\">by<\/span> <a href=\"https:\/\/www.newsrecorder.ro\/app\/author\/dragan\/\">Radu Mihai Dragan<\/a><\/div><div class=\"jeg_meta_date\"><a href=\"https:\/\/www.newsrecorder.ro\/app\/2026\/04\/27\/ivan-lanseaza-un-apel-sustinerea-este-cruciala-pentru-motiunea-de-cenzura\/\"><i class=\"fa fa-clock-o\"><\/i> aprilie 27, 2026<\/a><\/div><div class=\"jeg_meta_comment\"><a href=\"https:\/\/www.newsrecorder.ro\/app\/2026\/04\/27\/ivan-lanseaza-un-apel-sustinerea-este-cruciala-pentru-motiunea-de-cenzura\/#comments\" ><i class=\"fa fa-comment-o\"><\/i> 0 <\/a><\/div><\/div>\n                    <div class=\"jeg_post_excerpt\">\n                        <p>Fostul ministru al Energiei a clarificat recent c\u0103 situa\u021bia actual\u0103 nu reprezint\u0103 o alian\u021b\u0103, ci mai degrab\u0103 o conjunctur\u0103 specific\u0103....<\/p>\n                    <\/div>\n                <\/div>\n            <\/article><article class=\"jeg_post jeg_pl_md_2 format-standard\">\n                <div class=\"jeg_thumb\">\n                    \n                    <a href=\"https:\/\/www.newsrecorder.ro\/app\/2026\/04\/27\/ivan-asigura-495-milioane-de-dolari-pentru-modernizarea-gazelor\/\" aria-label=\"Read article: Ivan asigur\u0103 495 milioane de dolari pentru modernizarea gazelor!\"><div class=\"thumbnail-container animate-lazy  size-715 \"><img loading=\"lazy\" decoding=\"async\" width=\"350\" height=\"250\" src=\"https:\/\/www.newsrecorder.ro\/app\/wp-content\/themes\/jnews\/assets\/img\/jeg-empty.png\" class=\"attachment-jnews-350x250 size-jnews-350x250 lazyload wp-post-image\" alt=\"Ivan asigur\u0103 495 milioane de dolari pentru modernizarea gazelor!\" sizes=\"auto, (max-width: 350px) 100vw, 350px\" data-src=\"https:\/\/www.newsrecorder.ro\/app\/wp-content\/uploads\/2026\/04\/bogdan-ivan-sua-1-1024x682-1-350x250.jpg\" data-srcset=\"https:\/\/www.newsrecorder.ro\/app\/wp-content\/uploads\/2026\/04\/bogdan-ivan-sua-1-1024x682-1-350x250.jpg 350w, https:\/\/www.newsrecorder.ro\/app\/wp-content\/uploads\/2026\/04\/bogdan-ivan-sua-1-1024x682-1-120x86.jpg 120w, https:\/\/www.newsrecorder.ro\/app\/wp-content\/uploads\/2026\/04\/bogdan-ivan-sua-1-1024x682-1-750x536.jpg 750w\" data-sizes=\"auto\" data-expand=\"700\" \/><\/div><\/a>\n                <\/div>\n                <div class=\"jeg_postblock_content\">\n                    <h3 class=\"jeg_post_title\">\n                        <a href=\"https:\/\/www.newsrecorder.ro\/app\/2026\/04\/27\/ivan-asigura-495-milioane-de-dolari-pentru-modernizarea-gazelor\/\">Ivan asigur\u0103 495 milioane de dolari pentru modernizarea gazelor!<\/a>\n                    <\/h3>\n                    <div class=\"jeg_post_meta\"><div class=\"jeg_meta_author\"><span class=\"by\">by<\/span> <a href=\"https:\/\/www.newsrecorder.ro\/app\/author\/dragan\/\">Radu Mihai Dragan<\/a><\/div><div class=\"jeg_meta_date\"><a href=\"https:\/\/www.newsrecorder.ro\/app\/2026\/04\/27\/ivan-asigura-495-milioane-de-dolari-pentru-modernizarea-gazelor\/\"><i class=\"fa fa-clock-o\"><\/i> aprilie 27, 2026<\/a><\/div><div class=\"jeg_meta_comment\"><a href=\"https:\/\/www.newsrecorder.ro\/app\/2026\/04\/27\/ivan-asigura-495-milioane-de-dolari-pentru-modernizarea-gazelor\/#comments\" ><i class=\"fa fa-comment-o\"><\/i> 0 <\/a><\/div><\/div>\n                    <div class=\"jeg_post_excerpt\">\n                        <p>\u201eAm reu\u0219it s\u0103 semn\u0103m o finan\u021bare de 495 de milioane de dolari pentru dezvoltarea infrastructurii de gaze naturale din Rom\u00e2nia...<\/p>\n                    <\/div>\n                <\/div>\n            <\/article><article class=\"jeg_post jeg_pl_md_2 format-standard\">\n                <div class=\"jeg_thumb\">\n                    \n                    <a href=\"https:\/\/www.newsrecorder.ro\/app\/2026\/04\/27\/fritz-psd-si-aur-ne-costa-26-miliarde-de-euro-un-mariaj-toxic\/\" aria-label=\"Read article: Fritz: \u201ePSD \u0219i AUR ne cost\u0103 26 miliarde de euro \u2013 un mariaj toxic!\u201d\"><div class=\"thumbnail-container animate-lazy  size-715 \"><img loading=\"lazy\" decoding=\"async\" width=\"350\" height=\"250\" src=\"https:\/\/www.newsrecorder.ro\/app\/wp-content\/themes\/jnews\/assets\/img\/jeg-empty.png\" class=\"attachment-jnews-350x250 size-jnews-350x250 lazyload wp-post-image\" alt=\"Fritz: \u201ePSD \u0219i AUR ne cost\u0103 26 miliarde de euro \u2013 un mariaj toxic!\u201d\" sizes=\"auto, (max-width: 350px) 100vw, 350px\" data-src=\"https:\/\/www.newsrecorder.ro\/app\/wp-content\/uploads\/2026\/04\/683619437_1490947529067392_5454571904624854997_n-1024x768-1-350x250.jpg\" data-srcset=\"https:\/\/www.newsrecorder.ro\/app\/wp-content\/uploads\/2026\/04\/683619437_1490947529067392_5454571904624854997_n-1024x768-1-350x250.jpg 350w, https:\/\/www.newsrecorder.ro\/app\/wp-content\/uploads\/2026\/04\/683619437_1490947529067392_5454571904624854997_n-1024x768-1-120x86.jpg 120w, https:\/\/www.newsrecorder.ro\/app\/wp-content\/uploads\/2026\/04\/683619437_1490947529067392_5454571904624854997_n-1024x768-1-750x536.jpg 750w\" data-sizes=\"auto\" data-expand=\"700\" \/><\/div><\/a>\n                <\/div>\n                <div class=\"jeg_postblock_content\">\n                    <h3 class=\"jeg_post_title\">\n                        <a href=\"https:\/\/www.newsrecorder.ro\/app\/2026\/04\/27\/fritz-psd-si-aur-ne-costa-26-miliarde-de-euro-un-mariaj-toxic\/\">Fritz: \u201ePSD \u0219i AUR ne cost\u0103 26 miliarde de euro \u2013 un mariaj toxic!\u201d<\/a>\n                    <\/h3>\n                    <div class=\"jeg_post_meta\"><div class=\"jeg_meta_author\"><span class=\"by\">by<\/span> <a href=\"https:\/\/www.newsrecorder.ro\/app\/author\/dragan\/\">Radu Mihai Dragan<\/a><\/div><div class=\"jeg_meta_date\"><a href=\"https:\/\/www.newsrecorder.ro\/app\/2026\/04\/27\/fritz-psd-si-aur-ne-costa-26-miliarde-de-euro-un-mariaj-toxic\/\"><i class=\"fa fa-clock-o\"><\/i> aprilie 27, 2026<\/a><\/div><div class=\"jeg_meta_comment\"><a href=\"https:\/\/www.newsrecorder.ro\/app\/2026\/04\/27\/fritz-psd-si-aur-ne-costa-26-miliarde-de-euro-un-mariaj-toxic\/#comments\" ><i class=\"fa fa-comment-o\"><\/i> 0 <\/a><\/div><\/div>\n                    <div class=\"jeg_post_excerpt\">\n                        <p>Luni dup\u0103-amiaz\u0103, Dominic Fritz, pre\u0219edintele Uniunii Salva\u021bi Rom\u00e2nia (USR), a tras un semnal de alarm\u0103 cu privire la alian\u021ba dintre...<\/p>\n                    <\/div>\n                <\/div>\n            <\/article><article class=\"jeg_post jeg_pl_md_2 format-standard\">\n                <div class=\"jeg_thumb\">\n                    \n                    <a href=\"https:\/\/www.newsrecorder.ro\/app\/2026\/04\/27\/usr-in-criza-alegeri-anticipate-guvern-minoritar-sau-opozitie\/\" aria-label=\"Read article: USR \u00een criz\u0103: Alegeri anticipate, guvern minoritar sau opozi\u021bie?\"><div class=\"thumbnail-container animate-lazy  size-715 \"><img loading=\"lazy\" decoding=\"async\" width=\"350\" height=\"250\" src=\"https:\/\/www.newsrecorder.ro\/app\/wp-content\/themes\/jnews\/assets\/img\/jeg-empty.png\" class=\"attachment-jnews-350x250 size-jnews-350x250 lazyload wp-post-image\" alt=\"USR \u00een criz\u0103: Alegeri anticipate, guvern minoritar sau opozi\u021bie?\" sizes=\"auto, (max-width: 350px) 100vw, 350px\" data-src=\"https:\/\/www.newsrecorder.ro\/app\/wp-content\/uploads\/2026\/04\/8050086-mediafax_foto-alexandru_dobre-1024x683-2-350x250.jpg\" data-srcset=\"https:\/\/www.newsrecorder.ro\/app\/wp-content\/uploads\/2026\/04\/8050086-mediafax_foto-alexandru_dobre-1024x683-2-350x250.jpg 350w, https:\/\/www.newsrecorder.ro\/app\/wp-content\/uploads\/2026\/04\/8050086-mediafax_foto-alexandru_dobre-1024x683-2-120x86.jpg 120w, https:\/\/www.newsrecorder.ro\/app\/wp-content\/uploads\/2026\/04\/8050086-mediafax_foto-alexandru_dobre-1024x683-2-750x536.jpg 750w\" data-sizes=\"auto\" data-expand=\"700\" \/><\/div><\/a>\n                <\/div>\n                <div class=\"jeg_postblock_content\">\n                    <h3 class=\"jeg_post_title\">\n                        <a href=\"https:\/\/www.newsrecorder.ro\/app\/2026\/04\/27\/usr-in-criza-alegeri-anticipate-guvern-minoritar-sau-opozitie\/\">USR \u00een criz\u0103: Alegeri anticipate, guvern minoritar sau opozi\u021bie?<\/a>\n                    <\/h3>\n                    <div class=\"jeg_post_meta\"><div class=\"jeg_meta_author\"><span class=\"by\">by<\/span> <a href=\"https:\/\/www.newsrecorder.ro\/app\/author\/dragan\/\">Radu Mihai Dragan<\/a><\/div><div class=\"jeg_meta_date\"><a href=\"https:\/\/www.newsrecorder.ro\/app\/2026\/04\/27\/usr-in-criza-alegeri-anticipate-guvern-minoritar-sau-opozitie\/\"><i class=\"fa fa-clock-o\"><\/i> aprilie 27, 2026<\/a><\/div><div class=\"jeg_meta_comment\"><a href=\"https:\/\/www.newsrecorder.ro\/app\/2026\/04\/27\/usr-in-criza-alegeri-anticipate-guvern-minoritar-sau-opozitie\/#comments\" ><i class=\"fa fa-comment-o\"><\/i> 0 <\/a><\/div><\/div>\n                    <div class=\"jeg_post_excerpt\">\n                        <p>Dominic Fritz, pre\u0219edintele Uniunii Salva\u021bi Rom\u00e2nia (USR), a f\u0103cut recent declara\u021bii incisive, afirm\u00e2nd c\u0103 AUR reprezint\u0103 o \"extensie a PSD-ului\",...<\/p>\n                    <\/div>\n                <\/div>\n            <\/article><article class=\"jeg_post jeg_pl_md_2 format-standard\">\n                <div class=\"jeg_thumb\">\n                    \n                    <a href=\"https:\/\/www.newsrecorder.ro\/app\/2026\/04\/27\/nicusor-dan-la-summitul-trei-mari-ce-surprize-ne-asteapta-in-dubrovnik\/\" aria-label=\"Read article: Nicu\u0219or Dan la Summitul Trei M\u0103ri: Ce surprize ne a\u0219teapt\u0103 \u00een Dubrovnik?\"><div class=\"thumbnail-container animate-lazy  size-715 \"><img loading=\"lazy\" decoding=\"async\" width=\"350\" height=\"250\" src=\"https:\/\/www.newsrecorder.ro\/app\/wp-content\/themes\/jnews\/assets\/img\/jeg-empty.png\" class=\"attachment-jnews-350x250 size-jnews-350x250 lazyload wp-post-image\" alt=\"Nicu\u0219or Dan la Summitul Trei M\u0103ri: Ce surprize ne a\u0219teapt\u0103 \u00een Dubrovnik?\" sizes=\"auto, (max-width: 350px) 100vw, 350px\" data-src=\"https:\/\/www.newsrecorder.ro\/app\/wp-content\/uploads\/2026\/04\/original_04_1-1024x683-1-350x250.jpeg\" data-srcset=\"https:\/\/www.newsrecorder.ro\/app\/wp-content\/uploads\/2026\/04\/original_04_1-1024x683-1-350x250.jpeg 350w, https:\/\/www.newsrecorder.ro\/app\/wp-content\/uploads\/2026\/04\/original_04_1-1024x683-1-120x86.jpeg 120w, https:\/\/www.newsrecorder.ro\/app\/wp-content\/uploads\/2026\/04\/original_04_1-1024x683-1-750x536.jpeg 750w\" data-sizes=\"auto\" data-expand=\"700\" \/><\/div><\/a>\n                <\/div>\n                <div class=\"jeg_postblock_content\">\n                    <h3 class=\"jeg_post_title\">\n                        <a href=\"https:\/\/www.newsrecorder.ro\/app\/2026\/04\/27\/nicusor-dan-la-summitul-trei-mari-ce-surprize-ne-asteapta-in-dubrovnik\/\">Nicu\u0219or Dan la Summitul Trei M\u0103ri: Ce surprize ne a\u0219teapt\u0103 \u00een Dubrovnik?<\/a>\n                    <\/h3>\n                    <div class=\"jeg_post_meta\"><div class=\"jeg_meta_author\"><span class=\"by\">by<\/span> <a href=\"https:\/\/www.newsrecorder.ro\/app\/author\/dragan\/\">Radu Mihai Dragan<\/a><\/div><div class=\"jeg_meta_date\"><a href=\"https:\/\/www.newsrecorder.ro\/app\/2026\/04\/27\/nicusor-dan-la-summitul-trei-mari-ce-surprize-ne-asteapta-in-dubrovnik\/\"><i class=\"fa fa-clock-o\"><\/i> aprilie 27, 2026<\/a><\/div><div class=\"jeg_meta_comment\"><a href=\"https:\/\/www.newsrecorder.ro\/app\/2026\/04\/27\/nicusor-dan-la-summitul-trei-mari-ce-surprize-ne-asteapta-in-dubrovnik\/#comments\" ><i class=\"fa fa-comment-o\"><\/i> 0 <\/a><\/div><\/div>\n                    <div class=\"jeg_post_excerpt\">\n                        <p>Prim-ministrul Croa\u021biei, Andrej Plenkovi\u0107, va fi gazda unui summit important care va reuni lideri din diverse \u021b\u0103ri, oficiali ai partenerilor...<\/p>\n                    <\/div>\n                <\/div>\n            <\/article><article class=\"jeg_post jeg_pl_md_2 format-standard\">\n                <div class=\"jeg_thumb\">\n                    \n                    <a href=\"https:\/\/www.newsrecorder.ro\/app\/2026\/04\/27\/psd-si-extrema-dreapta-unesc-fortele-pentru-a-rasturna-coalitia-pro-europeana\/\" aria-label=\"Read article: PSD \u0219i extrema dreapt\u0103 unesc for\u021bele pentru a r\u0103sturna coali\u021bia pro-european\u0103!\"><div class=\"thumbnail-container animate-lazy  size-715 \"><img loading=\"lazy\" decoding=\"async\" width=\"350\" height=\"250\" src=\"https:\/\/www.newsrecorder.ro\/app\/wp-content\/themes\/jnews\/assets\/img\/jeg-empty.png\" class=\"attachment-jnews-350x250 size-jnews-350x250 lazyload wp-post-image\" alt=\"PSD \u0219i extrema dreapt\u0103 unesc for\u021bele pentru a r\u0103sturna coali\u021bia pro-european\u0103!\" sizes=\"auto, (max-width: 350px) 100vw, 350px\" data-src=\"https:\/\/www.newsrecorder.ro\/app\/wp-content\/uploads\/2026\/04\/parlamentul-romaniei-1024x657-1-350x250.jpeg\" data-srcset=\"https:\/\/www.newsrecorder.ro\/app\/wp-content\/uploads\/2026\/04\/parlamentul-romaniei-1024x657-1-350x250.jpeg 350w, https:\/\/www.newsrecorder.ro\/app\/wp-content\/uploads\/2026\/04\/parlamentul-romaniei-1024x657-1-120x86.jpeg 120w, https:\/\/www.newsrecorder.ro\/app\/wp-content\/uploads\/2026\/04\/parlamentul-romaniei-1024x657-1-750x536.jpeg 750w\" data-sizes=\"auto\" data-expand=\"700\" \/><\/div><\/a>\n                <\/div>\n                <div class=\"jeg_postblock_content\">\n                    <h3 class=\"jeg_post_title\">\n                        <a href=\"https:\/\/www.newsrecorder.ro\/app\/2026\/04\/27\/psd-si-extrema-dreapta-unesc-fortele-pentru-a-rasturna-coalitia-pro-europeana\/\">PSD \u0219i extrema dreapt\u0103 unesc for\u021bele pentru a r\u0103sturna coali\u021bia pro-european\u0103!<\/a>\n                    <\/h3>\n                    <div class=\"jeg_post_meta\"><div class=\"jeg_meta_author\"><span class=\"by\">by<\/span> <a href=\"https:\/\/www.newsrecorder.ro\/app\/author\/dragan\/\">Radu Mihai Dragan<\/a><\/div><div class=\"jeg_meta_date\"><a href=\"https:\/\/www.newsrecorder.ro\/app\/2026\/04\/27\/psd-si-extrema-dreapta-unesc-fortele-pentru-a-rasturna-coalitia-pro-europeana\/\"><i class=\"fa fa-clock-o\"><\/i> aprilie 27, 2026<\/a><\/div><div class=\"jeg_meta_comment\"><a href=\"https:\/\/www.newsrecorder.ro\/app\/2026\/04\/27\/psd-si-extrema-dreapta-unesc-fortele-pentru-a-rasturna-coalitia-pro-europeana\/#comments\" ><i class=\"fa fa-comment-o\"><\/i> 0 <\/a><\/div><\/div>\n                    <div class=\"jeg_post_excerpt\">\n                        <p>Agen\u021bia britanic\u0103 a subliniat impactul semnificativ pe care retragerea PSD din guvern \u00eel are asupra peisajului politic \u0219i economic al...<\/p>\n                    <\/div>\n                <\/div>\n            <\/article><article class=\"jeg_post jeg_pl_md_2 format-standard\">\n                <div class=\"jeg_thumb\">\n                    \n                    <a href=\"https:\/\/www.newsrecorder.ro\/app\/2026\/04\/27\/bolojan-raspunde-acuzatiilor-psd-aur-ne-batem-joc-de-oameni\/\" aria-label=\"Read article: Bolojan r\u0103spunde acuzatiilor PSD-AUR: \u201eNe batem joc de oameni!\u201d\"><div class=\"thumbnail-container animate-lazy  size-715 \"><img loading=\"lazy\" decoding=\"async\" width=\"350\" height=\"250\" src=\"https:\/\/www.newsrecorder.ro\/app\/wp-content\/themes\/jnews\/assets\/img\/jeg-empty.png\" class=\"attachment-jnews-350x250 size-jnews-350x250 lazyload wp-post-image\" alt=\"Bolojan r\u0103spunde acuzatiilor PSD-AUR: \u201eNe batem joc de oameni!\u201d\" sizes=\"auto, (max-width: 350px) 100vw, 350px\" data-src=\"https:\/\/www.newsrecorder.ro\/app\/wp-content\/uploads\/2026\/04\/8125403-mediafax_foto-alexandru_dobre-1024x683-1-350x250.jpg\" data-srcset=\"https:\/\/www.newsrecorder.ro\/app\/wp-content\/uploads\/2026\/04\/8125403-mediafax_foto-alexandru_dobre-1024x683-1-350x250.jpg 350w, https:\/\/www.newsrecorder.ro\/app\/wp-content\/uploads\/2026\/04\/8125403-mediafax_foto-alexandru_dobre-1024x683-1-120x86.jpg 120w, https:\/\/www.newsrecorder.ro\/app\/wp-content\/uploads\/2026\/04\/8125403-mediafax_foto-alexandru_dobre-1024x683-1-750x536.jpg 750w\" data-sizes=\"auto\" data-expand=\"700\" \/><\/div><\/a>\n                <\/div>\n                <div class=\"jeg_postblock_content\">\n                    <h3 class=\"jeg_post_title\">\n                        <a href=\"https:\/\/www.newsrecorder.ro\/app\/2026\/04\/27\/bolojan-raspunde-acuzatiilor-psd-aur-ne-batem-joc-de-oameni\/\">Bolojan r\u0103spunde acuzatiilor PSD-AUR: \u201eNe batem joc de oameni!\u201d<\/a>\n                    <\/h3>\n                    <div class=\"jeg_post_meta\"><div class=\"jeg_meta_author\"><span class=\"by\">by<\/span> <a href=\"https:\/\/www.newsrecorder.ro\/app\/author\/dragan\/\">Radu Mihai Dragan<\/a><\/div><div class=\"jeg_meta_date\"><a href=\"https:\/\/www.newsrecorder.ro\/app\/2026\/04\/27\/bolojan-raspunde-acuzatiilor-psd-aur-ne-batem-joc-de-oameni\/\"><i class=\"fa fa-clock-o\"><\/i> aprilie 27, 2026<\/a><\/div><div class=\"jeg_meta_comment\"><a href=\"https:\/\/www.newsrecorder.ro\/app\/2026\/04\/27\/bolojan-raspunde-acuzatiilor-psd-aur-ne-batem-joc-de-oameni\/#comments\" ><i class=\"fa fa-comment-o\"><\/i> 0 <\/a><\/div><\/div>\n                    <div class=\"jeg_post_excerpt\">\n                        <p>Premierul Ilie Bolojan a lansat o critic\u0103 acerb\u0103 la adresa pre\u0219edintelui PSD, Sorin Grindeanu, acuz\u00e2ndu-l c\u0103 a min\u021bit nu doar...<\/p>\n                    <\/div>\n                <\/div>\n            <\/article><article class=\"jeg_post jeg_pl_md_2 format-standard\">\n                <div class=\"jeg_thumb\">\n                    \n                    <a href=\"https:\/\/www.newsrecorder.ro\/app\/2026\/04\/27\/bolojan-grindeanu-minciuni-despre-guvernare-si-proiecte-politice\/\" aria-label=\"Read article: Bolojan: Grindeanu, minciuni despre guvernare \u0219i proiecte politice!\"><div class=\"thumbnail-container animate-lazy  size-715 \"><img loading=\"lazy\" decoding=\"async\" width=\"350\" height=\"250\" src=\"https:\/\/www.newsrecorder.ro\/app\/wp-content\/themes\/jnews\/assets\/img\/jeg-empty.png\" class=\"attachment-jnews-350x250 size-jnews-350x250 lazyload wp-post-image\" alt=\"Bolojan: Grindeanu, minciuni despre guvernare \u0219i proiecte politice!\" sizes=\"auto, (max-width: 350px) 100vw, 350px\" data-src=\"https:\/\/www.newsrecorder.ro\/app\/wp-content\/uploads\/2026\/04\/8096160-mediafax_foto-alexandru_dobre-1024x683-1-350x250.jpg\" data-srcset=\"https:\/\/www.newsrecorder.ro\/app\/wp-content\/uploads\/2026\/04\/8096160-mediafax_foto-alexandru_dobre-1024x683-1-350x250.jpg 350w, https:\/\/www.newsrecorder.ro\/app\/wp-content\/uploads\/2026\/04\/8096160-mediafax_foto-alexandru_dobre-1024x683-1-120x86.jpg 120w, https:\/\/www.newsrecorder.ro\/app\/wp-content\/uploads\/2026\/04\/8096160-mediafax_foto-alexandru_dobre-1024x683-1-750x536.jpg 750w\" data-sizes=\"auto\" data-expand=\"700\" \/><\/div><\/a>\n                <\/div>\n                <div class=\"jeg_postblock_content\">\n                    <h3 class=\"jeg_post_title\">\n                        <a href=\"https:\/\/www.newsrecorder.ro\/app\/2026\/04\/27\/bolojan-grindeanu-minciuni-despre-guvernare-si-proiecte-politice\/\">Bolojan: Grindeanu, minciuni despre guvernare \u0219i proiecte politice!<\/a>\n                    <\/h3>\n                    <div class=\"jeg_post_meta\"><div class=\"jeg_meta_author\"><span class=\"by\">by<\/span> <a href=\"https:\/\/www.newsrecorder.ro\/app\/author\/dragan\/\">Radu Mihai Dragan<\/a><\/div><div class=\"jeg_meta_date\"><a href=\"https:\/\/www.newsrecorder.ro\/app\/2026\/04\/27\/bolojan-grindeanu-minciuni-despre-guvernare-si-proiecte-politice\/\"><i class=\"fa fa-clock-o\"><\/i> aprilie 27, 2026<\/a><\/div><div class=\"jeg_meta_comment\"><a href=\"https:\/\/www.newsrecorder.ro\/app\/2026\/04\/27\/bolojan-grindeanu-minciuni-despre-guvernare-si-proiecte-politice\/#comments\" ><i class=\"fa fa-comment-o\"><\/i> 0 <\/a><\/div><\/div>\n                    <div class=\"jeg_post_excerpt\">\n                        <p>Ilie Bolojan a abordat, luni, subiectul mo\u021biunilor de cenzur\u0103 \u00een cadrul unei interven\u021bii la Digi 24, eviden\u021biind diferen\u021bele semnificative dintre...<\/p>\n                    <\/div>\n                <\/div>\n            <\/article><article class=\"jeg_post jeg_pl_md_2 format-standard\">\n                <div class=\"jeg_thumb\">\n                    \n                    <a href=\"https:\/\/www.newsrecorder.ro\/app\/2026\/04\/27\/michael-sparge-recorduri-217-milioane-de-dolari-in-weekendul-de-lansare\/\" aria-label=\"Read article: \u201eMichael\u201d sparge recorduri: 217 milioane de dolari \u00een weekendul de lansare!\"><div class=\"thumbnail-container animate-lazy  size-715 \"><img loading=\"lazy\" decoding=\"async\" width=\"350\" height=\"250\" src=\"https:\/\/www.newsrecorder.ro\/app\/wp-content\/themes\/jnews\/assets\/img\/jeg-empty.png\" class=\"attachment-jnews-350x250 size-jnews-350x250 lazyload wp-post-image\" alt=\"\u201eMichael\u201d sparge recorduri: 217 milioane de dolari \u00een weekendul de lansare!\" sizes=\"auto, (max-width: 350px) 100vw, 350px\" data-src=\"https:\/\/www.newsrecorder.ro\/app\/wp-content\/uploads\/2026\/04\/michael-jackson-film-viata-acuzatii-1024x584-3-350x250.jpg\" data-srcset=\"https:\/\/www.newsrecorder.ro\/app\/wp-content\/uploads\/2026\/04\/michael-jackson-film-viata-acuzatii-1024x584-3-350x250.jpg 350w, https:\/\/www.newsrecorder.ro\/app\/wp-content\/uploads\/2026\/04\/michael-jackson-film-viata-acuzatii-1024x584-3-120x86.jpg 120w, https:\/\/www.newsrecorder.ro\/app\/wp-content\/uploads\/2026\/04\/michael-jackson-film-viata-acuzatii-1024x584-3-750x536.jpg 750w\" data-sizes=\"auto\" data-expand=\"700\" \/><\/div><\/a>\n                <\/div>\n                <div class=\"jeg_postblock_content\">\n                    <h3 class=\"jeg_post_title\">\n                        <a href=\"https:\/\/www.newsrecorder.ro\/app\/2026\/04\/27\/michael-sparge-recorduri-217-milioane-de-dolari-in-weekendul-de-lansare\/\">\u201eMichael\u201d sparge recorduri: 217 milioane de dolari \u00een weekendul de lansare!<\/a>\n                    <\/h3>\n                    <div class=\"jeg_post_meta\"><div class=\"jeg_meta_author\"><span class=\"by\">by<\/span> <a href=\"https:\/\/www.newsrecorder.ro\/app\/author\/radulescu\/\">Clara Iulia Radulescu<\/a><\/div><div class=\"jeg_meta_date\"><a href=\"https:\/\/www.newsrecorder.ro\/app\/2026\/04\/27\/michael-sparge-recorduri-217-milioane-de-dolari-in-weekendul-de-lansare\/\"><i class=\"fa fa-clock-o\"><\/i> aprilie 27, 2026<\/a><\/div><div class=\"jeg_meta_comment\"><a href=\"https:\/\/www.newsrecorder.ro\/app\/2026\/04\/27\/michael-sparge-recorduri-217-milioane-de-dolari-in-weekendul-de-lansare\/#comments\" ><i class=\"fa fa-comment-o\"><\/i> 0 <\/a><\/div><\/div>\n                    <div class=\"jeg_post_excerpt\">\n                        <p>Filmul biografic dedicat legendarului Michael Jackson, intitulat \u201eMichael\u201d, a reu\u0219it s\u0103 impresioneze publicul \u0219i criticii, \u00eenregistr\u00e2nd \u00eencas\u0103ri de 97 de...<\/p>\n                    <\/div>\n                <\/div>\n            <\/article><article class=\"jeg_post jeg_pl_md_2 format-standard\">\n                <div class=\"jeg_thumb\">\n                    \n                    <a href=\"https:\/\/www.newsrecorder.ro\/app\/2026\/04\/27\/italia-in-criza-ministrul-culturii-boicoteaza-bienala-de-arta\/\" aria-label=\"Read article: Italia \u00een criz\u0103: Ministrul Culturii boicoteaz\u0103 Bienala de Art\u0103!\"><div class=\"thumbnail-container animate-lazy  size-715 \"><img loading=\"lazy\" decoding=\"async\" width=\"350\" height=\"250\" src=\"https:\/\/www.newsrecorder.ro\/app\/wp-content\/themes\/jnews\/assets\/img\/jeg-empty.png\" class=\"attachment-jnews-350x250 size-jnews-350x250 lazyload wp-post-image\" alt=\"Italia \u00een criz\u0103: Ministrul Culturii boicoteaz\u0103 Bienala de Art\u0103!\" sizes=\"auto, (max-width: 350px) 100vw, 350px\" data-src=\"https:\/\/www.newsrecorder.ro\/app\/wp-content\/uploads\/2026\/04\/bienala-de-arta-venetia-2026-350x250.png\" data-srcset=\"https:\/\/www.newsrecorder.ro\/app\/wp-content\/uploads\/2026\/04\/bienala-de-arta-venetia-2026-350x250.png 350w, https:\/\/www.newsrecorder.ro\/app\/wp-content\/uploads\/2026\/04\/bienala-de-arta-venetia-2026-120x86.png 120w\" data-sizes=\"auto\" data-expand=\"700\" \/><\/div><\/a>\n                <\/div>\n                <div class=\"jeg_postblock_content\">\n                    <h3 class=\"jeg_post_title\">\n                        <a href=\"https:\/\/www.newsrecorder.ro\/app\/2026\/04\/27\/italia-in-criza-ministrul-culturii-boicoteaza-bienala-de-arta\/\">Italia \u00een criz\u0103: Ministrul Culturii boicoteaz\u0103 Bienala de Art\u0103!<\/a>\n                    <\/h3>\n                    <div class=\"jeg_post_meta\"><div class=\"jeg_meta_author\"><span class=\"by\">by<\/span> <a href=\"https:\/\/www.newsrecorder.ro\/app\/author\/radulescu\/\">Clara Iulia Radulescu<\/a><\/div><div class=\"jeg_meta_date\"><a href=\"https:\/\/www.newsrecorder.ro\/app\/2026\/04\/27\/italia-in-criza-ministrul-culturii-boicoteaza-bienala-de-arta\/\"><i class=\"fa fa-clock-o\"><\/i> aprilie 27, 2026<\/a><\/div><div class=\"jeg_meta_comment\"><a href=\"https:\/\/www.newsrecorder.ro\/app\/2026\/04\/27\/italia-in-criza-ministrul-culturii-boicoteaza-bienala-de-arta\/#comments\" ><i class=\"fa fa-comment-o\"><\/i> 0 <\/a><\/div><\/div>\n                    <div class=\"jeg_post_excerpt\">\n                        <p>Ministerul Culturii din Italia a anun\u021bat c\u0103 Alessandro Giuli nu va participa la niciunul dintre evenimentele premerg\u0103toare, precum \u0219i la...<\/p>\n                    <\/div>\n                <\/div>\n            <\/article><article class=\"jeg_post jeg_pl_md_2 format-standard\">\n                <div class=\"jeg_thumb\">\n                    \n                    <a href=\"https:\/\/www.newsrecorder.ro\/app\/2026\/04\/27\/artistii-cer-schimbarea-urgenta-a-taxelor-pentru-concerte-ce-raspunde-guvernul\/\" aria-label=\"Read article: Arti\u0219tii cer schimbarea urgent\u0103 a taxelor pentru concerte! Ce r\u0103spunde guvernul?\"><div class=\"thumbnail-container animate-lazy  size-715 \"><img loading=\"lazy\" decoding=\"async\" width=\"350\" height=\"250\" src=\"https:\/\/www.newsrecorder.ro\/app\/wp-content\/themes\/jnews\/assets\/img\/jeg-empty.png\" class=\"attachment-jnews-350x250 size-jnews-350x250 lazyload wp-post-image\" alt=\"Arti\u0219tii cer schimbarea urgent\u0103 a taxelor pentru concerte! Ce r\u0103spunde guvernul?\" sizes=\"auto, (max-width: 350px) 100vw, 350px\" data-src=\"https:\/\/www.newsrecorder.ro\/app\/wp-content\/uploads\/2026\/04\/concert-1024x682-1-350x250.jpg\" data-srcset=\"https:\/\/www.newsrecorder.ro\/app\/wp-content\/uploads\/2026\/04\/concert-1024x682-1-350x250.jpg 350w, https:\/\/www.newsrecorder.ro\/app\/wp-content\/uploads\/2026\/04\/concert-1024x682-1-120x86.jpg 120w, https:\/\/www.newsrecorder.ro\/app\/wp-content\/uploads\/2026\/04\/concert-1024x682-1-750x536.jpg 750w\" data-sizes=\"auto\" data-expand=\"700\" \/><\/div><\/a>\n                <\/div>\n                <div class=\"jeg_postblock_content\">\n                    <h3 class=\"jeg_post_title\">\n                        <a href=\"https:\/\/www.newsrecorder.ro\/app\/2026\/04\/27\/artistii-cer-schimbarea-urgenta-a-taxelor-pentru-concerte-ce-raspunde-guvernul\/\">Arti\u0219tii cer schimbarea urgent\u0103 a taxelor pentru concerte! Ce r\u0103spunde guvernul?<\/a>\n                    <\/h3>\n                    <div class=\"jeg_post_meta\"><div class=\"jeg_meta_author\"><span class=\"by\">by<\/span> <a href=\"https:\/\/www.newsrecorder.ro\/app\/author\/radulescu\/\">Clara Iulia Radulescu<\/a><\/div><div class=\"jeg_meta_date\"><a href=\"https:\/\/www.newsrecorder.ro\/app\/2026\/04\/27\/artistii-cer-schimbarea-urgenta-a-taxelor-pentru-concerte-ce-raspunde-guvernul\/\"><i class=\"fa fa-clock-o\"><\/i> aprilie 27, 2026<\/a><\/div><div class=\"jeg_meta_comment\"><a href=\"https:\/\/www.newsrecorder.ro\/app\/2026\/04\/27\/artistii-cer-schimbarea-urgenta-a-taxelor-pentru-concerte-ce-raspunde-guvernul\/#comments\" ><i class=\"fa fa-comment-o\"><\/i> 0 <\/a><\/div><\/div>\n                    <div class=\"jeg_post_excerpt\">\n                        <p>Legisla\u021bia actual\u0103 nu mai reflect\u0103 realitatea unei pie\u021be culturale care a evoluat considerabil, provoc\u00e2nd o presiune financiar\u0103 tot mai mare...<\/p>\n                    <\/div>\n                <\/div>\n            <\/article><article class=\"jeg_post jeg_pl_md_2 format-standard\">\n                <div class=\"jeg_thumb\">\n                    \n                    <a href=\"https:\/\/www.newsrecorder.ro\/app\/2026\/04\/27\/ciprian-serban-tarom-ramane-deschis-nu-se-va-inchide\/\" aria-label=\"Read article: Ciprian \u0218erban: TAROM r\u0103m\u00e2ne deschis, nu se va \u00eenchide!\"><div class=\"thumbnail-container animate-lazy  size-715 \"><img loading=\"lazy\" decoding=\"async\" width=\"350\" height=\"250\" src=\"https:\/\/www.newsrecorder.ro\/app\/wp-content\/themes\/jnews\/assets\/img\/jeg-empty.png\" class=\"attachment-jnews-350x250 size-jnews-350x250 lazyload wp-post-image\" alt=\"Ciprian \u0218erban: TAROM r\u0103m\u00e2ne deschis, nu se va \u00eenchide!\" sizes=\"auto, (max-width: 350px) 100vw, 350px\" data-src=\"https:\/\/www.newsrecorder.ro\/app\/wp-content\/uploads\/2026\/04\/8090323-mediafax_foto-alexandra_pandrea_gmn-1024x683-1-350x250.jpg\" data-srcset=\"https:\/\/www.newsrecorder.ro\/app\/wp-content\/uploads\/2026\/04\/8090323-mediafax_foto-alexandra_pandrea_gmn-1024x683-1-350x250.jpg 350w, https:\/\/www.newsrecorder.ro\/app\/wp-content\/uploads\/2026\/04\/8090323-mediafax_foto-alexandra_pandrea_gmn-1024x683-1-120x86.jpg 120w, https:\/\/www.newsrecorder.ro\/app\/wp-content\/uploads\/2026\/04\/8090323-mediafax_foto-alexandra_pandrea_gmn-1024x683-1-750x536.jpg 750w\" data-sizes=\"auto\" data-expand=\"700\" \/><\/div><\/a>\n                <\/div>\n                <div class=\"jeg_postblock_content\">\n                    <h3 class=\"jeg_post_title\">\n                        <a href=\"https:\/\/www.newsrecorder.ro\/app\/2026\/04\/27\/ciprian-serban-tarom-ramane-deschis-nu-se-va-inchide\/\">Ciprian \u0218erban: TAROM r\u0103m\u00e2ne deschis, nu se va \u00eenchide!<\/a>\n                    <\/h3>\n                    <div class=\"jeg_post_meta\"><div class=\"jeg_meta_author\"><span class=\"by\">by<\/span> <a href=\"https:\/\/www.newsrecorder.ro\/app\/author\/floroiu\/\">Adrian Cosmin Floroiu<\/a><\/div><div class=\"jeg_meta_date\"><a href=\"https:\/\/www.newsrecorder.ro\/app\/2026\/04\/27\/ciprian-serban-tarom-ramane-deschis-nu-se-va-inchide\/\"><i class=\"fa fa-clock-o\"><\/i> aprilie 27, 2026<\/a><\/div><div class=\"jeg_meta_comment\"><a href=\"https:\/\/www.newsrecorder.ro\/app\/2026\/04\/27\/ciprian-serban-tarom-ramane-deschis-nu-se-va-inchide\/#comments\" ><i class=\"fa fa-comment-o\"><\/i> 0 <\/a><\/div><\/div>\n                    <div class=\"jeg_post_excerpt\">\n                        <p>Ciprian \u0218erban, recent, a exprimat \u00eencrederea \u00een planul de restructurare al TAROM, afirm\u00e2nd: \u201eDirectorul de acolo are un plan foarte...<\/p>\n                    <\/div>\n                <\/div>\n            <\/article><article class=\"jeg_post jeg_pl_md_2 format-standard\">\n                <div class=\"jeg_thumb\">\n                    \n                    <a href=\"https:\/\/www.newsrecorder.ro\/app\/2026\/04\/27\/prognoza-meteo-unde-va-ploua-in-minivacanta-de-1-mai\/\" aria-label=\"Read article: Prognoza meteo: Unde va ploua \u00een minivacan\u021ba de 1 mai?\"><div class=\"thumbnail-container animate-lazy  size-715 \"><img loading=\"lazy\" decoding=\"async\" width=\"350\" height=\"250\" src=\"https:\/\/www.newsrecorder.ro\/app\/wp-content\/themes\/jnews\/assets\/img\/jeg-empty.png\" class=\"attachment-jnews-350x250 size-jnews-350x250 lazyload wp-post-image\" alt=\"Prognoza meteo: Unde va ploua \u00een minivacan\u021ba de 1 mai?\" sizes=\"auto, (max-width: 350px) 100vw, 350px\" data-src=\"https:\/\/www.newsrecorder.ro\/app\/wp-content\/uploads\/2026\/04\/soare-si-nori-1024x768-1-350x250.jpg\" data-srcset=\"https:\/\/www.newsrecorder.ro\/app\/wp-content\/uploads\/2026\/04\/soare-si-nori-1024x768-1-350x250.jpg 350w, https:\/\/www.newsrecorder.ro\/app\/wp-content\/uploads\/2026\/04\/soare-si-nori-1024x768-1-120x86.jpg 120w, https:\/\/www.newsrecorder.ro\/app\/wp-content\/uploads\/2026\/04\/soare-si-nori-1024x768-1-750x536.jpg 750w\" data-sizes=\"auto\" data-expand=\"700\" \/><\/div><\/a>\n                <\/div>\n                <div class=\"jeg_postblock_content\">\n                    <h3 class=\"jeg_post_title\">\n                        <a href=\"https:\/\/www.newsrecorder.ro\/app\/2026\/04\/27\/prognoza-meteo-unde-va-ploua-in-minivacanta-de-1-mai\/\">Prognoza meteo: Unde va ploua \u00een minivacan\u021ba de 1 mai?<\/a>\n                    <\/h3>\n                    <div class=\"jeg_post_meta\"><div class=\"jeg_meta_author\"><span class=\"by\">by<\/span> <a href=\"https:\/\/www.newsrecorder.ro\/app\/author\/moldovan\/\">Diana Elena Moldovan<\/a><\/div><div class=\"jeg_meta_date\"><a href=\"https:\/\/www.newsrecorder.ro\/app\/2026\/04\/27\/prognoza-meteo-unde-va-ploua-in-minivacanta-de-1-mai\/\"><i class=\"fa fa-clock-o\"><\/i> aprilie 27, 2026<\/a><\/div><div class=\"jeg_meta_comment\"><a href=\"https:\/\/www.newsrecorder.ro\/app\/2026\/04\/27\/prognoza-meteo-unde-va-ploua-in-minivacanta-de-1-mai\/#comments\" ><i class=\"fa fa-comment-o\"><\/i> 0 <\/a><\/div><\/div>\n                    <div class=\"jeg_post_excerpt\">\n                        <p>Potrivit Agen\u021biei Na\u021bionale de Meteorologie (ANM), prognoza pentru Banat arat\u0103 o cre\u0219tere a temperaturilor diurne la \u00eenceputul intervalului, de la...<\/p>\n                    <\/div>\n                <\/div>\n            <\/article><article class=\"jeg_post jeg_pl_md_2 format-standard\">\n                <div class=\"jeg_thumb\">\n                    \n                    <a href=\"https:\/\/www.newsrecorder.ro\/app\/2026\/04\/27\/pretul-petrolului-explodeaza-din-cauza-impasului-in-negocierile-sua-iran\/\" aria-label=\"Read article: Pre\u021bul petrolului explodeaz\u0103 din cauza impasului \u00een negocierile SUA-Iran!\"><div class=\"thumbnail-container animate-lazy  size-715 \"><img loading=\"lazy\" decoding=\"async\" width=\"350\" height=\"250\" src=\"https:\/\/www.newsrecorder.ro\/app\/wp-content\/themes\/jnews\/assets\/img\/jeg-empty.png\" class=\"attachment-jnews-350x250 size-jnews-350x250 lazyload wp-post-image\" alt=\"Pre\u021bul petrolului explodeaz\u0103 din cauza impasului \u00een negocierile SUA-Iran!\" sizes=\"auto, (max-width: 350px) 100vw, 350px\" data-src=\"https:\/\/www.newsrecorder.ro\/app\/wp-content\/uploads\/2026\/04\/instalatii-petroliere-imagine-ilustrativa-1024x576-5-350x250.jpg\" data-srcset=\"https:\/\/www.newsrecorder.ro\/app\/wp-content\/uploads\/2026\/04\/instalatii-petroliere-imagine-ilustrativa-1024x576-5-350x250.jpg 350w, https:\/\/www.newsrecorder.ro\/app\/wp-content\/uploads\/2026\/04\/instalatii-petroliere-imagine-ilustrativa-1024x576-5-120x86.jpg 120w, https:\/\/www.newsrecorder.ro\/app\/wp-content\/uploads\/2026\/04\/instalatii-petroliere-imagine-ilustrativa-1024x576-5-750x536.jpg 750w\" data-sizes=\"auto\" data-expand=\"700\" \/><\/div><\/a>\n                <\/div>\n                <div class=\"jeg_postblock_content\">\n                    <h3 class=\"jeg_post_title\">\n                        <a href=\"https:\/\/www.newsrecorder.ro\/app\/2026\/04\/27\/pretul-petrolului-explodeaza-din-cauza-impasului-in-negocierile-sua-iran\/\">Pre\u021bul petrolului explodeaz\u0103 din cauza impasului \u00een negocierile SUA-Iran!<\/a>\n                    <\/h3>\n                    <div class=\"jeg_post_meta\"><div class=\"jeg_meta_author\"><span class=\"by\">by<\/span> <a href=\"https:\/\/www.newsrecorder.ro\/app\/author\/floroiu\/\">Adrian Cosmin Floroiu<\/a><\/div><div class=\"jeg_meta_date\"><a href=\"https:\/\/www.newsrecorder.ro\/app\/2026\/04\/27\/pretul-petrolului-explodeaza-din-cauza-impasului-in-negocierile-sua-iran\/\"><i class=\"fa fa-clock-o\"><\/i> aprilie 27, 2026<\/a><\/div><div class=\"jeg_meta_comment\"><a href=\"https:\/\/www.newsrecorder.ro\/app\/2026\/04\/27\/pretul-petrolului-explodeaza-din-cauza-impasului-in-negocierile-sua-iran\/#comments\" ><i class=\"fa fa-comment-o\"><\/i> 0 <\/a><\/div><\/div>\n                    <div class=\"jeg_post_excerpt\">\n                        <p>Recent, pre\u021burile petrolului au \u00eenregistrat o nou\u0103 cre\u0219tere, \u00een contextul stagn\u0103rii negocierilor de pace dintre Statele Unite \u0219i Iran. Conform...<\/p>\n                    <\/div>\n                <\/div>\n            <\/article><article class=\"jeg_post jeg_pl_md_2 format-standard\">\n                <div class=\"jeg_thumb\">\n                    \n                    <a href=\"https:\/\/www.newsrecorder.ro\/app\/2026\/04\/27\/depozitele-in-lei-ale-romanilor-scad-in-timp-ce-valuta-infloreste\/\" aria-label=\"Read article: Depozitele \u00een lei ale rom\u00e2nilor scad, \u00een timp ce valut\u0103 \u00eenflore\u0219te!\"><div class=\"thumbnail-container animate-lazy  size-715 \"><img loading=\"lazy\" decoding=\"async\" width=\"350\" height=\"250\" src=\"https:\/\/www.newsrecorder.ro\/app\/wp-content\/themes\/jnews\/assets\/img\/jeg-empty.png\" class=\"attachment-jnews-350x250 size-jnews-350x250 lazyload wp-post-image\" alt=\"Depozitele \u00een lei ale rom\u00e2nilor scad, \u00een timp ce valut\u0103 \u00eenflore\u0219te!\" sizes=\"auto, (max-width: 350px) 100vw, 350px\" data-src=\"https:\/\/www.newsrecorder.ro\/app\/wp-content\/uploads\/2026\/04\/bnr-1024x574-2-350x250.jpg\" data-srcset=\"https:\/\/www.newsrecorder.ro\/app\/wp-content\/uploads\/2026\/04\/bnr-1024x574-2-350x250.jpg 350w, https:\/\/www.newsrecorder.ro\/app\/wp-content\/uploads\/2026\/04\/bnr-1024x574-2-120x86.jpg 120w, https:\/\/www.newsrecorder.ro\/app\/wp-content\/uploads\/2026\/04\/bnr-1024x574-2-750x536.jpg 750w\" data-sizes=\"auto\" data-expand=\"700\" \/><\/div><\/a>\n                <\/div>\n                <div class=\"jeg_postblock_content\">\n                    <h3 class=\"jeg_post_title\">\n                        <a href=\"https:\/\/www.newsrecorder.ro\/app\/2026\/04\/27\/depozitele-in-lei-ale-romanilor-scad-in-timp-ce-valuta-infloreste\/\">Depozitele \u00een lei ale rom\u00e2nilor scad, \u00een timp ce valut\u0103 \u00eenflore\u0219te!<\/a>\n                    <\/h3>\n                    <div class=\"jeg_post_meta\"><div class=\"jeg_meta_author\"><span class=\"by\">by<\/span> <a href=\"https:\/\/www.newsrecorder.ro\/app\/author\/floroiu\/\">Adrian Cosmin Floroiu<\/a><\/div><div class=\"jeg_meta_date\"><a href=\"https:\/\/www.newsrecorder.ro\/app\/2026\/04\/27\/depozitele-in-lei-ale-romanilor-scad-in-timp-ce-valuta-infloreste\/\"><i class=\"fa fa-clock-o\"><\/i> aprilie 27, 2026<\/a><\/div><div class=\"jeg_meta_comment\"><a href=\"https:\/\/www.newsrecorder.ro\/app\/2026\/04\/27\/depozitele-in-lei-ale-romanilor-scad-in-timp-ce-valuta-infloreste\/#comments\" ><i class=\"fa fa-comment-o\"><\/i> 0 <\/a><\/div><\/div>\n                    <div class=\"jeg_post_excerpt\">\n                        <p>Banca Na\u021bional\u0103 a Rom\u00e2niei (BNR) a publicat recent datele privind masa monetar\u0103, care la finalul lunii martie 2026 a atins...<\/p>\n                    <\/div>\n                <\/div>\n            <\/article>\n            <\/div>\n                <div class='module-overlay'>\n\t\t\t\t    <div class='preloader_type preloader_dot'>\n\t\t\t\t        <div class=\"module-preloader jeg_preloader dot\">\n\t\t\t\t            <span><\/span><span><\/span><span><\/span>\n\t\t\t\t        <\/div>\n\t\t\t\t        <div class=\"module-preloader jeg_preloader circle\">\n\t\t\t\t            <div class=\"jnews_preloader_circle_outer\">\n\t\t\t\t                <div class=\"jnews_preloader_circle_inner\"><\/div>\n\t\t\t\t            <\/div>\n\t\t\t\t        <\/div>\n\t\t\t\t        <div class=\"module-preloader jeg_preloader square\">\n\t\t\t\t            <div class=\"jeg_square\">\n\t\t\t\t                <div class=\"jeg_square_inner\"><\/div>\n\t\t\t\t            <\/div>\n\t\t\t\t        <\/div>\n\t\t\t\t    <\/div>\n\t\t\t\t<\/div>\n            <\/div>\n            <div class=\"jeg_block_navigation\">\n                <div class='navigation_overlay'><div class='module-preloader jeg_preloader'><span><\/span><span><\/span><span><\/span><\/div><\/div>\n                <div class=\"jeg_block_loadmore \">\n                    <a href=\"#\" class='' data-load='\u00cenc\u0103rca\u021bi mai multe' data-loading='\u00cenc\u0103rcare...'> \u00cenc\u0103rca\u021bi mai multe<\/a>\n                <\/div>\n                \n            <\/div>\n\t\t\t\t\t\n\t\t\t\t\t<script>var jnews_module__2_69efb21546548 = {\"header_icon\":\"\",\"first_title\":\"\",\"second_title\":\"\",\"url\":\"\",\"header_type\":\"heading_6\",\"header_background\":\"\",\"header_secondary_background\":\"\",\"header_text_color\":\"\",\"header_line_color\":\"\",\"header_accent_color\":\"\",\"header_filter_category\":\"\",\"header_filter_author\":\"\",\"header_filter_tag\":\"\",\"header_filter_text\":\"All\",\"sticky_post\":\"\",\"post_type\":\"post\",\"content_type\":\"all\",\"sponsor\":\"\",\"number_post\":\"15\",\"post_offset\":\"0\",\"unique_content\":\"unique1\",\"include_post\":\"\",\"included_only\":\"\",\"exclude_post\":\"16253\",\"include_category\":\"\",\"exclude_category\":\"\",\"include_author\":\"\",\"include_tag\":\"\",\"exclude_tag\":\"\",\"exclude_visited_post\":\"\",\"sort_by\":\"latest\",\"date_format\":\"default\",\"date_format_custom\":\"Y\\\/m\\\/d\",\"excerpt_length\":\"20\",\"excerpt_ellipsis\":\"...\",\"force_normal_image_load\":\"\",\"main_custom_image_size\":\"default\",\"pagination_mode\":\"scrollload\",\"pagination_nextprev_showtext\":\"\",\"pagination_number_post\":\"10\",\"pagination_scroll_limit\":\"0\",\"ads_type\":\"disable\",\"ads_position\":1,\"ads_random\":\"\",\"ads_image\":\"\",\"ads_image_tablet\":\"\",\"ads_image_phone\":\"\",\"ads_image_link\":\"\",\"ads_image_alt\":\"\",\"ads_image_new_tab\":\"\",\"google_publisher_id\":\"\",\"google_slot_id\":\"\",\"google_desktop\":\"auto\",\"google_tab\":\"auto\",\"google_phone\":\"auto\",\"content\":\"\",\"ads_bottom_text\":\"\",\"boxed\":\"\",\"boxed_shadow\":\"\",\"el_id\":\"\",\"el_class\":\"\",\"scheme\":\"\",\"column_width\":\"auto\",\"title_color\":\"\",\"accent_color\":\"\",\"alt_color\":\"\",\"excerpt_color\":\"\",\"css\":\"\",\"compatible_column_notice\":\"\",\"paged\":1,\"column_class\":\"jeg_col_3o3\",\"class\":\"jnews_block_3\"};<\/script>\n\t\t\t\t<\/div>[\/vc_column][vc_column width=&#8221;1\/3&#8243; sticky_sidebar=&#8221;yes&#8221; set_as_sidebar=&#8221;yes&#8221; offset=&#8221;vc_hidden-lg vc_hidden-md vc_hidden-sm vc_hidden-xs&#8221;][vc_cta h2=&#8221;Get a year of access for Premium Content&#8221; txt_align=&#8221;center&#8221; add_button=&#8221;bottom&#8221; btn_title=&#8221;SUBSCRIBE TODAY&#8221; btn_style=&#8221;custom&#8221; btn_custom_background=&#8221;#3943b7&#8243; btn_custom_text=&#8221;#ffffff&#8221; btn_shape=&#8221;round&#8221; btn_align=&#8221;center&#8221; btn_link=&#8221;url:\/app\/subscription\/|title:Subscription||&#8221;]Join our Premium Membership and unlock all content for unlimited access.[\/vc_cta]<div  class=\"jeg_postblock_21 jeg_postblock jeg_module_hook jeg_pagination_loadmore jeg_col_3o3 jnews_module__3_69efb215556e2   \" data-unique=\"jnews_module__3_69efb215556e2\">\n\t\t\t\t\t<div class=\"jeg_block_heading jeg_block_heading_6 jeg_subcat_right\">\n                     <h3 class=\"jeg_block_title\"><span>Premium Content<\/span><\/h3>\n                     \n                 <\/div>\n\t\t\t\t\t<div class=\"jeg_block_container\">\n                    \n                    <div class=\"jeg_posts jeg_load_more_flag\"><article class=\"jeg_post jeg_pl_sm format-standard\">\n                    <div class=\"jeg_thumb\">\n                        \n                        <a href=\"https:\/\/www.newsrecorder.ro\/app\/2026\/04\/27\/ivan-asigura-495-milioane-de-dolari-pentru-modernizarea-gazelor\/\" aria-label=\"Read article: Ivan asigur\u0103 495 milioane de dolari pentru modernizarea gazelor!\"><div class=\"thumbnail-container animate-lazy  size-715 \"><img loading=\"lazy\" decoding=\"async\" width=\"120\" height=\"86\" src=\"https:\/\/www.newsrecorder.ro\/app\/wp-content\/themes\/jnews\/assets\/img\/jeg-empty.png\" class=\"attachment-jnews-120x86 size-jnews-120x86 lazyload wp-post-image\" alt=\"Ivan asigur\u0103 495 milioane de dolari pentru modernizarea gazelor!\" sizes=\"auto, (max-width: 120px) 100vw, 120px\" data-src=\"https:\/\/www.newsrecorder.ro\/app\/wp-content\/uploads\/2026\/04\/bogdan-ivan-sua-1-1024x682-1-120x86.jpg\" data-srcset=\"https:\/\/www.newsrecorder.ro\/app\/wp-content\/uploads\/2026\/04\/bogdan-ivan-sua-1-1024x682-1-120x86.jpg 120w, https:\/\/www.newsrecorder.ro\/app\/wp-content\/uploads\/2026\/04\/bogdan-ivan-sua-1-1024x682-1-350x250.jpg 350w, https:\/\/www.newsrecorder.ro\/app\/wp-content\/uploads\/2026\/04\/bogdan-ivan-sua-1-1024x682-1-750x536.jpg 750w\" data-sizes=\"auto\" data-expand=\"700\" \/><\/div><\/a>\n                    <\/div>\n                    <div class=\"jeg_postblock_content\">\n                        <h3 class=\"jeg_post_title\">\n                            <a href=\"https:\/\/www.newsrecorder.ro\/app\/2026\/04\/27\/ivan-asigura-495-milioane-de-dolari-pentru-modernizarea-gazelor\/\">Ivan asigur\u0103 495 milioane de dolari pentru modernizarea gazelor!<\/a>\n                        <\/h3>\n                        <div class=\"jeg_post_meta\"><div class=\"jeg_meta_date\"><a href=\"https:\/\/www.newsrecorder.ro\/app\/2026\/04\/27\/ivan-asigura-495-milioane-de-dolari-pentru-modernizarea-gazelor\/\" ><i class=\"fa fa-clock-o\"><\/i> aprilie 27, 2026<\/a><\/div><\/div>\n                    <\/div>\n                <\/article><article class=\"jeg_post jeg_pl_sm format-standard\">\n                    <div class=\"jeg_thumb\">\n                        \n                        <a href=\"https:\/\/www.newsrecorder.ro\/app\/2026\/04\/27\/fritz-psd-si-aur-ne-costa-26-miliarde-de-euro-un-mariaj-toxic\/\" aria-label=\"Read article: Fritz: \u201ePSD \u0219i AUR ne cost\u0103 26 miliarde de euro \u2013 un mariaj toxic!\u201d\"><div class=\"thumbnail-container animate-lazy  size-715 \"><img loading=\"lazy\" decoding=\"async\" width=\"120\" height=\"86\" src=\"https:\/\/www.newsrecorder.ro\/app\/wp-content\/themes\/jnews\/assets\/img\/jeg-empty.png\" class=\"attachment-jnews-120x86 size-jnews-120x86 lazyload wp-post-image\" alt=\"Fritz: \u201ePSD \u0219i AUR ne cost\u0103 26 miliarde de euro \u2013 un mariaj toxic!\u201d\" sizes=\"auto, (max-width: 120px) 100vw, 120px\" data-src=\"https:\/\/www.newsrecorder.ro\/app\/wp-content\/uploads\/2026\/04\/683619437_1490947529067392_5454571904624854997_n-1024x768-1-120x86.jpg\" data-srcset=\"https:\/\/www.newsrecorder.ro\/app\/wp-content\/uploads\/2026\/04\/683619437_1490947529067392_5454571904624854997_n-1024x768-1-120x86.jpg 120w, https:\/\/www.newsrecorder.ro\/app\/wp-content\/uploads\/2026\/04\/683619437_1490947529067392_5454571904624854997_n-1024x768-1-350x250.jpg 350w, https:\/\/www.newsrecorder.ro\/app\/wp-content\/uploads\/2026\/04\/683619437_1490947529067392_5454571904624854997_n-1024x768-1-750x536.jpg 750w\" data-sizes=\"auto\" data-expand=\"700\" \/><\/div><\/a>\n                    <\/div>\n                    <div class=\"jeg_postblock_content\">\n                        <h3 class=\"jeg_post_title\">\n                            <a href=\"https:\/\/www.newsrecorder.ro\/app\/2026\/04\/27\/fritz-psd-si-aur-ne-costa-26-miliarde-de-euro-un-mariaj-toxic\/\">Fritz: \u201ePSD \u0219i AUR ne cost\u0103 26 miliarde de euro \u2013 un mariaj toxic!\u201d<\/a>\n                        <\/h3>\n                        <div class=\"jeg_post_meta\"><div class=\"jeg_meta_date\"><a href=\"https:\/\/www.newsrecorder.ro\/app\/2026\/04\/27\/fritz-psd-si-aur-ne-costa-26-miliarde-de-euro-un-mariaj-toxic\/\" ><i class=\"fa fa-clock-o\"><\/i> aprilie 27, 2026<\/a><\/div><\/div>\n                    <\/div>\n                <\/article><article class=\"jeg_post jeg_pl_sm format-standard\">\n                    <div class=\"jeg_thumb\">\n                        \n                        <a href=\"https:\/\/www.newsrecorder.ro\/app\/2026\/04\/27\/usr-in-criza-alegeri-anticipate-guvern-minoritar-sau-opozitie\/\" aria-label=\"Read article: USR \u00een criz\u0103: Alegeri anticipate, guvern minoritar sau opozi\u021bie?\"><div class=\"thumbnail-container animate-lazy  size-715 \"><img loading=\"lazy\" decoding=\"async\" width=\"120\" height=\"86\" src=\"https:\/\/www.newsrecorder.ro\/app\/wp-content\/themes\/jnews\/assets\/img\/jeg-empty.png\" class=\"attachment-jnews-120x86 size-jnews-120x86 lazyload wp-post-image\" alt=\"USR \u00een criz\u0103: Alegeri anticipate, guvern minoritar sau opozi\u021bie?\" sizes=\"auto, (max-width: 120px) 100vw, 120px\" data-src=\"https:\/\/www.newsrecorder.ro\/app\/wp-content\/uploads\/2026\/04\/8050086-mediafax_foto-alexandru_dobre-1024x683-2-120x86.jpg\" data-srcset=\"https:\/\/www.newsrecorder.ro\/app\/wp-content\/uploads\/2026\/04\/8050086-mediafax_foto-alexandru_dobre-1024x683-2-120x86.jpg 120w, https:\/\/www.newsrecorder.ro\/app\/wp-content\/uploads\/2026\/04\/8050086-mediafax_foto-alexandru_dobre-1024x683-2-350x250.jpg 350w, https:\/\/www.newsrecorder.ro\/app\/wp-content\/uploads\/2026\/04\/8050086-mediafax_foto-alexandru_dobre-1024x683-2-750x536.jpg 750w\" data-sizes=\"auto\" data-expand=\"700\" \/><\/div><\/a>\n                    <\/div>\n                    <div class=\"jeg_postblock_content\">\n                        <h3 class=\"jeg_post_title\">\n                            <a href=\"https:\/\/www.newsrecorder.ro\/app\/2026\/04\/27\/usr-in-criza-alegeri-anticipate-guvern-minoritar-sau-opozitie\/\">USR \u00een criz\u0103: Alegeri anticipate, guvern minoritar sau opozi\u021bie?<\/a>\n                        <\/h3>\n                        <div class=\"jeg_post_meta\"><div class=\"jeg_meta_date\"><a href=\"https:\/\/www.newsrecorder.ro\/app\/2026\/04\/27\/usr-in-criza-alegeri-anticipate-guvern-minoritar-sau-opozitie\/\" ><i class=\"fa fa-clock-o\"><\/i> aprilie 27, 2026<\/a><\/div><\/div>\n                    <\/div>\n                <\/article><article class=\"jeg_post jeg_pl_sm format-standard\">\n                    <div class=\"jeg_thumb\">\n                        \n                        <a href=\"https:\/\/www.newsrecorder.ro\/app\/2026\/04\/27\/nicusor-dan-la-summitul-trei-mari-ce-surprize-ne-asteapta-in-dubrovnik\/\" aria-label=\"Read article: Nicu\u0219or Dan la Summitul Trei M\u0103ri: Ce surprize ne a\u0219teapt\u0103 \u00een Dubrovnik?\"><div class=\"thumbnail-container animate-lazy  size-715 \"><img loading=\"lazy\" decoding=\"async\" width=\"120\" height=\"86\" src=\"https:\/\/www.newsrecorder.ro\/app\/wp-content\/themes\/jnews\/assets\/img\/jeg-empty.png\" class=\"attachment-jnews-120x86 size-jnews-120x86 lazyload wp-post-image\" alt=\"Nicu\u0219or Dan la Summitul Trei M\u0103ri: Ce surprize ne a\u0219teapt\u0103 \u00een Dubrovnik?\" sizes=\"auto, (max-width: 120px) 100vw, 120px\" data-src=\"https:\/\/www.newsrecorder.ro\/app\/wp-content\/uploads\/2026\/04\/original_04_1-1024x683-1-120x86.jpeg\" data-srcset=\"https:\/\/www.newsrecorder.ro\/app\/wp-content\/uploads\/2026\/04\/original_04_1-1024x683-1-120x86.jpeg 120w, https:\/\/www.newsrecorder.ro\/app\/wp-content\/uploads\/2026\/04\/original_04_1-1024x683-1-350x250.jpeg 350w, https:\/\/www.newsrecorder.ro\/app\/wp-content\/uploads\/2026\/04\/original_04_1-1024x683-1-750x536.jpeg 750w\" data-sizes=\"auto\" data-expand=\"700\" \/><\/div><\/a>\n                    <\/div>\n                    <div class=\"jeg_postblock_content\">\n                        <h3 class=\"jeg_post_title\">\n                            <a href=\"https:\/\/www.newsrecorder.ro\/app\/2026\/04\/27\/nicusor-dan-la-summitul-trei-mari-ce-surprize-ne-asteapta-in-dubrovnik\/\">Nicu\u0219or Dan la Summitul Trei M\u0103ri: Ce surprize ne a\u0219teapt\u0103 \u00een Dubrovnik?<\/a>\n                        <\/h3>\n                        <div class=\"jeg_post_meta\"><div class=\"jeg_meta_date\"><a href=\"https:\/\/www.newsrecorder.ro\/app\/2026\/04\/27\/nicusor-dan-la-summitul-trei-mari-ce-surprize-ne-asteapta-in-dubrovnik\/\" ><i class=\"fa fa-clock-o\"><\/i> aprilie 27, 2026<\/a><\/div><\/div>\n                    <\/div>\n                <\/article><\/div>\n                    <div class='module-overlay'>\n\t\t\t\t    <div class='preloader_type preloader_dot'>\n\t\t\t\t        <div class=\"module-preloader jeg_preloader dot\">\n\t\t\t\t            <span><\/span><span><\/span><span><\/span>\n\t\t\t\t        <\/div>\n\t\t\t\t        <div class=\"module-preloader jeg_preloader circle\">\n\t\t\t\t            <div class=\"jnews_preloader_circle_outer\">\n\t\t\t\t                <div class=\"jnews_preloader_circle_inner\"><\/div>\n\t\t\t\t            <\/div>\n\t\t\t\t        <\/div>\n\t\t\t\t        <div class=\"module-preloader jeg_preloader square\">\n\t\t\t\t            <div class=\"jeg_square\">\n\t\t\t\t                <div class=\"jeg_square_inner\"><\/div>\n\t\t\t\t            <\/div>\n\t\t\t\t        <\/div>\n\t\t\t\t    <\/div>\n\t\t\t\t<\/div>\n                <\/div>\n                <div class=\"jeg_block_navigation\">\n                    <div class='navigation_overlay'><div class='module-preloader jeg_preloader'><span><\/span><span><\/span><span><\/span><\/div><\/div>\n                    <div class=\"jeg_block_loadmore \">\n                    <a href=\"#\" class='' data-load='\u00cenc\u0103rca\u021bi mai multe' data-loading='\u00cenc\u0103rcare...'> \u00cenc\u0103rca\u021bi mai multe<\/a>\n                <\/div>\n                    \n                <\/div>\n\t\t\t\t\t\n\t\t\t\t\t<script>var jnews_module__3_69efb215556e2 = {\"header_icon\":\"\",\"first_title\":\"Premium Content\",\"second_title\":\"\",\"url\":\"\",\"header_type\":\"heading_6\",\"header_background\":\"\",\"header_secondary_background\":\"\",\"header_text_color\":\"\",\"header_line_color\":\"\",\"header_accent_color\":\"\",\"header_filter_category\":\"\",\"header_filter_author\":\"\",\"header_filter_tag\":\"\",\"header_filter_text\":\"All\",\"sticky_post\":false,\"post_type\":\"post\",\"content_type\":\"all\",\"sponsor\":false,\"number_post\":\"4\",\"post_offset\":\"2\",\"unique_content\":\"disable\",\"include_post\":\"\",\"included_only\":false,\"exclude_post\":\"\",\"include_category\":\"\",\"exclude_category\":\"\",\"include_author\":\"\",\"include_tag\":\"\",\"exclude_tag\":\"\",\"exclude_visited_post\":false,\"sort_by\":\"latest\",\"date_format\":\"default\",\"date_format_custom\":\"Y\\\/m\\\/d\",\"force_normal_image_load\":\"\",\"main_custom_image_size\":\"default\",\"pagination_mode\":\"loadmore\",\"pagination_nextprev_showtext\":\"\",\"pagination_number_post\":\"4\",\"pagination_scroll_limit\":0,\"boxed\":\"\",\"boxed_shadow\":\"\",\"el_id\":\"\",\"el_class\":\"\",\"scheme\":\"\",\"column_width\":\"auto\",\"title_color\":\"\",\"accent_color\":\"\",\"alt_color\":\"\",\"excerpt_color\":\"\",\"css\":\"\",\"compatible_column_notice\":\"\",\"paged\":1,\"column_class\":\"jeg_col_3o3\",\"class\":\"jnews_block_21\"};<\/script>\n\t\t\t\t<\/div><div class=\"jeg_block_heading jeg_block_heading_6 jnews_module__4_69efb215598ce\">\n                    <h3 class=\"jeg_block_title\"><span>Popular Posts<\/span><\/h3>\n                    \n                <\/div><ul class=\"popularpost_list\"><li class=\"popularpost_item format-standard\">\n                <div class=\"jeg_thumb\">\n                    \n                    <a href=\"https:\/\/www.newsrecorder.ro\/app\/2026\/01\/23\/sindicalistii-acuza-premierul-se-bucura-de-degradarea-functiei-publice\/\" aria-label=\"Read article: Sindicali\u0219tii acuz\u0103: Premierul se bucur\u0103 de degradarea func\u021biei publice!\"><div class=\"thumbnail-container animate-lazy  size-715 \"><img loading=\"lazy\" decoding=\"async\" width=\"350\" height=\"250\" src=\"https:\/\/www.newsrecorder.ro\/app\/wp-content\/themes\/jnews\/assets\/img\/jeg-empty.png\" class=\"attachment-jnews-350x250 size-jnews-350x250 lazyload wp-post-image\" alt=\"Sindicali\u0219tii acuz\u0103: Premierul se bucur\u0103 de degradarea func\u021biei publice!\" sizes=\"auto, (max-width: 350px) 100vw, 350px\" data-src=\"https:\/\/www.newsrecorder.ro\/app\/wp-content\/uploads\/2026\/01\/guvern-palatul-victoria-1-350x250.jpg\" data-srcset=\"https:\/\/www.newsrecorder.ro\/app\/wp-content\/uploads\/2026\/01\/guvern-palatul-victoria-1-350x250.jpg 350w, https:\/\/www.newsrecorder.ro\/app\/wp-content\/uploads\/2026\/01\/guvern-palatul-victoria-1-120x86.jpg 120w\" data-sizes=\"auto\" data-expand=\"700\" \/><\/div><\/a>\n                <\/div>\n                <h3 class=\"jeg_post_title\">\n                    <a href=\"https:\/\/www.newsrecorder.ro\/app\/2026\/01\/23\/sindicalistii-acuza-premierul-se-bucura-de-degradarea-functiei-publice\/\" data-num=\"01\">Sindicali\u0219tii acuz\u0103: Premierul se bucur\u0103 de degradarea func\u021biei publice!<\/a>\n                <\/h3>\n                <div class=\"popularpost_meta\">\n                    <div class=\"jeg_socialshare\">\n                        <span class=\"share_count\"><i class=\"fa fa-share-alt\"><\/i> 0 shares<\/span>\n                        <div class=\"socialshare_list\">\n                            <a href=\"http:\/\/www.facebook.com\/sharer.php?u=https%3A%2F%2Fwww.newsrecorder.ro%2Fapp%2F2026%2F01%2F23%2Fsindicalistii-acuza-premierul-se-bucura-de-degradarea-functiei-publice%2F\" class=\"jeg_share_fb\"><span class=\"share-text\">Share<\/span> <span class=\"share-count\">0<\/span><\/a>\n                            <a href=\"https:\/\/twitter.com\/intent\/tweet?text=Sindicali%C8%99tii%20acuz%C4%83%3A%20Premierul%20se%20bucur%C4%83%20de%20degradarea%20func%C8%9Biei%20publice%21&url=https%3A%2F%2Fwww.newsrecorder.ro%2Fapp%2F2026%2F01%2F23%2Fsindicalistii-acuza-premierul-se-bucura-de-degradarea-functiei-publice%2F\" class=\"jeg_share_tw\"><span class=\"share-text\"><svg xmlns=\"http:\/\/www.w3.org\/2000\/svg\" height=\"1em\" viewBox=\"0 0 512 512\"><!--! Font Awesome Free 6.4.2 by @fontawesome - https:\/\/fontawesome.com License - https:\/\/fontawesome.com\/license (Commercial License) Copyright 2023 Fonticons, Inc. --><path d=\"M389.2 48h70.6L305.6 224.2 487 464H345L233.7 318.6 106.5 464H35.8L200.7 275.5 26.8 48H172.4L272.9 180.9 389.2 48zM364.4 421.8h39.1L151.1 88h-42L364.4 421.8z\"\/><\/svg>Tweet<\/span> <span class=\"share-count\">0<\/span><\/a>\n                        <\/div>\n                    <\/div>\n                <\/div>\n            <\/li><li class=\"popularpost_item format-standard\">\n                <h3 class=\"jeg_post_title\">\n                    <a href=\"https:\/\/www.newsrecorder.ro\/app\/2026\/02\/04\/alexandru-rogobete-prioritizam-screeningul-in-lupta-impotriva-cancerului\/\" data-num=\"02\">Alexandru Rogobete: Prioritiz\u0103m screeningul \u00een lupta \u00eempotriva cancerului!<\/a>\n                <\/h3>\n                <div class=\"popularpost_meta\">\n                    <div class=\"jeg_socialshare\">\n                        <span class=\"share_count\"><i class=\"fa fa-share-alt\"><\/i> 0 shares<\/span>\n                        <div class=\"socialshare_list\">\n                            <a href=\"http:\/\/www.facebook.com\/sharer.php?u=https%3A%2F%2Fwww.newsrecorder.ro%2Fapp%2F2026%2F02%2F04%2Falexandru-rogobete-prioritizam-screeningul-in-lupta-impotriva-cancerului%2F\" class=\"jeg_share_fb\"><span class=\"share-text\">Share<\/span> <span class=\"share-count\">0<\/span><\/a>\n                            <a href=\"https:\/\/twitter.com\/intent\/tweet?text=Alexandru%20Rogobete%3A%20Prioritiz%C4%83m%20screeningul%20%C3%AEn%20lupta%20%C3%AEmpotriva%20cancerului%21&url=https%3A%2F%2Fwww.newsrecorder.ro%2Fapp%2F2026%2F02%2F04%2Falexandru-rogobete-prioritizam-screeningul-in-lupta-impotriva-cancerului%2F\" class=\"jeg_share_tw\"><span class=\"share-text\"><svg xmlns=\"http:\/\/www.w3.org\/2000\/svg\" height=\"1em\" viewBox=\"0 0 512 512\"><!--! Font Awesome Free 6.4.2 by @fontawesome - https:\/\/fontawesome.com License - https:\/\/fontawesome.com\/license (Commercial License) Copyright 2023 Fonticons, Inc. --><path d=\"M389.2 48h70.6L305.6 224.2 487 464H345L233.7 318.6 106.5 464H35.8L200.7 275.5 26.8 48H172.4L272.9 180.9 389.2 48zM364.4 421.8h39.1L151.1 88h-42L364.4 421.8z\"\/><\/svg>Tweet<\/span> <span class=\"share-count\">0<\/span><\/a>\n                        <\/div>\n                    <\/div>\n                <\/div>\n            <\/li><li class=\"popularpost_item format-standard\">\n                <h3 class=\"jeg_post_title\">\n                    <a href=\"https:\/\/www.newsrecorder.ro\/app\/2026\/02\/04\/mihai-popsoi-dialogul-devine-imposibil-cand-rachetele-zboara\/\" data-num=\"03\">Mihai Pop\u0219oi: Dialogul devine imposibil c\u00e2nd rachetele zboar\u0103!<\/a>\n                <\/h3>\n                <div class=\"popularpost_meta\">\n                    <div class=\"jeg_socialshare\">\n                        <span class=\"share_count\"><i class=\"fa fa-share-alt\"><\/i> 0 shares<\/span>\n                        <div class=\"socialshare_list\">\n                            <a href=\"http:\/\/www.facebook.com\/sharer.php?u=https%3A%2F%2Fwww.newsrecorder.ro%2Fapp%2F2026%2F02%2F04%2Fmihai-popsoi-dialogul-devine-imposibil-cand-rachetele-zboara%2F\" class=\"jeg_share_fb\"><span class=\"share-text\">Share<\/span> <span class=\"share-count\">0<\/span><\/a>\n                            <a href=\"https:\/\/twitter.com\/intent\/tweet?text=Mihai%20Pop%C8%99oi%3A%20Dialogul%20devine%20imposibil%20c%C3%A2nd%20rachetele%20zboar%C4%83%21&url=https%3A%2F%2Fwww.newsrecorder.ro%2Fapp%2F2026%2F02%2F04%2Fmihai-popsoi-dialogul-devine-imposibil-cand-rachetele-zboara%2F\" class=\"jeg_share_tw\"><span class=\"share-text\"><svg xmlns=\"http:\/\/www.w3.org\/2000\/svg\" height=\"1em\" viewBox=\"0 0 512 512\"><!--! Font Awesome Free 6.4.2 by @fontawesome - https:\/\/fontawesome.com License - https:\/\/fontawesome.com\/license (Commercial License) Copyright 2023 Fonticons, Inc. --><path d=\"M389.2 48h70.6L305.6 224.2 487 464H345L233.7 318.6 106.5 464H35.8L200.7 275.5 26.8 48H172.4L272.9 180.9 389.2 48zM364.4 421.8h39.1L151.1 88h-42L364.4 421.8z\"\/><\/svg>Tweet<\/span> <span class=\"share-count\">0<\/span><\/a>\n                        <\/div>\n                    <\/div>\n                <\/div>\n            <\/li><li class=\"popularpost_item format-standard\">\n                <h3 class=\"jeg_post_title\">\n                    <a href=\"https:\/\/www.newsrecorder.ro\/app\/2026\/02\/03\/proiecte-de-autostrazi-ce-a-spus-irinel-ionel-scriosteanu-despre-safe\/\" data-num=\"04\">Proiecte de autostr\u0103zi: Ce a spus Irinel Ionel Scrio\u0219teanu despre SAFE?<\/a>\n                <\/h3>\n                <div class=\"popularpost_meta\">\n                    <div class=\"jeg_socialshare\">\n                        <span class=\"share_count\"><i class=\"fa fa-share-alt\"><\/i> 0 shares<\/span>\n                        <div class=\"socialshare_list\">\n                            <a href=\"http:\/\/www.facebook.com\/sharer.php?u=https%3A%2F%2Fwww.newsrecorder.ro%2Fapp%2F2026%2F02%2F03%2Fproiecte-de-autostrazi-ce-a-spus-irinel-ionel-scriosteanu-despre-safe%2F\" class=\"jeg_share_fb\"><span class=\"share-text\">Share<\/span> <span class=\"share-count\">0<\/span><\/a>\n                            <a href=\"https:\/\/twitter.com\/intent\/tweet?text=Proiecte%20de%20autostr%C4%83zi%3A%20Ce%20a%20spus%20Irinel%20Ionel%20Scrio%C8%99teanu%20despre%20SAFE%3F&url=https%3A%2F%2Fwww.newsrecorder.ro%2Fapp%2F2026%2F02%2F03%2Fproiecte-de-autostrazi-ce-a-spus-irinel-ionel-scriosteanu-despre-safe%2F\" class=\"jeg_share_tw\"><span class=\"share-text\"><svg xmlns=\"http:\/\/www.w3.org\/2000\/svg\" height=\"1em\" viewBox=\"0 0 512 512\"><!--! Font Awesome Free 6.4.2 by @fontawesome - https:\/\/fontawesome.com License - https:\/\/fontawesome.com\/license (Commercial License) Copyright 2023 Fonticons, Inc. --><path d=\"M389.2 48h70.6L305.6 224.2 487 464H345L233.7 318.6 106.5 464H35.8L200.7 275.5 26.8 48H172.4L272.9 180.9 389.2 48zM364.4 421.8h39.1L151.1 88h-42L364.4 421.8z\"\/><\/svg>Tweet<\/span> <span class=\"share-count\">0<\/span><\/a>\n                        <\/div>\n                    <\/div>\n                <\/div>\n            <\/li><li class=\"popularpost_item format-standard\">\n                <h3 class=\"jeg_post_title\">\n                    <a href=\"https:\/\/www.newsrecorder.ro\/app\/2026\/02\/04\/horoscop-4-februarie-2026-descopera-surprizele-zilei-pentru-zodii\/\" data-num=\"05\">Horoscop 4 februarie 2026: Descoper\u0103 surprizele zilei pentru zodii!<\/a>\n                <\/h3>\n                <div class=\"popularpost_meta\">\n                    <div class=\"jeg_socialshare\">\n                        <span class=\"share_count\"><i class=\"fa fa-share-alt\"><\/i> 0 shares<\/span>\n                        <div class=\"socialshare_list\">\n                            <a href=\"http:\/\/www.facebook.com\/sharer.php?u=https%3A%2F%2Fwww.newsrecorder.ro%2Fapp%2F2026%2F02%2F04%2Fhoroscop-4-februarie-2026-descopera-surprizele-zilei-pentru-zodii%2F\" class=\"jeg_share_fb\"><span class=\"share-text\">Share<\/span> <span class=\"share-count\">0<\/span><\/a>\n                            <a href=\"https:\/\/twitter.com\/intent\/tweet?text=Horoscop%204%20februarie%202026%3A%20Descoper%C4%83%20surprizele%20zilei%20pentru%20zodii%21&url=https%3A%2F%2Fwww.newsrecorder.ro%2Fapp%2F2026%2F02%2F04%2Fhoroscop-4-februarie-2026-descopera-surprizele-zilei-pentru-zodii%2F\" class=\"jeg_share_tw\"><span class=\"share-text\"><svg xmlns=\"http:\/\/www.w3.org\/2000\/svg\" height=\"1em\" viewBox=\"0 0 512 512\"><!--! Font Awesome Free 6.4.2 by @fontawesome - https:\/\/fontawesome.com License - https:\/\/fontawesome.com\/license (Commercial License) Copyright 2023 Fonticons, Inc. --><path d=\"M389.2 48h70.6L305.6 224.2 487 464H345L233.7 318.6 106.5 464H35.8L200.7 275.5 26.8 48H172.4L272.9 180.9 389.2 48zM364.4 421.8h39.1L151.1 88h-42L364.4 421.8z\"\/><\/svg>Tweet<\/span> <span class=\"share-count\">0<\/span><\/a>\n                        <\/div>\n                    <\/div>\n                <\/div>\n            <\/li><\/ul>[\/vc_column][\/vc_row]<\/p>\n<\/div>","protected":false},"excerpt":{"rendered":"<p>[vc_row full_width=&#8221;stretch_row&#8221; vc_row_background=&#8221;&#8221; css=&#8221;.vc_custom_1588914589946{background-color: #f9f9f9 !important;}&#8221;][vc_column offset=&#8221;vc_hidden-lg vc_hidden-md vc_hidden-sm vc_hidden-xs&#8221;][\/vc_column][\/vc_row][vc_row][vc_column][vc_empty_space height=&#8221;20px&#8221;][\/vc_column][vc_column offset=&#8221;vc_hidden-lg vc_hidden-md vc_hidden-sm vc_hidden-xs&#8221;][vc_empty_space height=&#8221;20px&#8221;][\/vc_column][\/vc_row][vc_row][vc_column width=&#8221;2\/3&#8243; offset=&#8221;vc_hidden-lg vc_hidden-md vc_hidden-sm&#8221;][\/vc_column][vc_column width=&#8221;1\/3&#8243; sticky_sidebar=&#8221;yes&#8221; set_as_sidebar=&#8221;yes&#8221; offset=&#8221;vc_hidden-lg vc_hidden-md vc_hidden-sm vc_hidden-xs&#8221;][vc_cta h2=&#8221;Get a year of access for Premium Content&#8221; txt_align=&#8221;center&#8221; add_button=&#8221;bottom&#8221; btn_title=&#8221;SUBSCRIBE TODAY&#8221; btn_style=&#8221;custom&#8221; btn_custom_background=&#8221;#3943b7&#8243; btn_custom_text=&#8221;#ffffff&#8221; btn_shape=&#8221;round&#8221; btn_align=&#8221;center&#8221; btn_link=&#8221;url:\/app\/subscription\/|title:Subscription||&#8221;]Join our Premium Membership and unlock all content for unlimited access.[\/vc_cta][\/vc_column][\/vc_row]<\/p>\n","protected":false},"author":1,"featured_media":0,"parent":0,"menu_order":0,"comment_status":"closed","ping_status":"closed","template":"template-builder.php","meta":{"jnews_page_loop":{"first_title":"Latest Post","header_type":"heading_6","layout":"right-sidebar","sidebar":"default-sidebar","second_sidebar":"default-sidebar","sticky_sidebar":"1","module":"3","main_custom_image_size":"default","second_custom_image_size":"default","excerpt_length":"20","content_date":"default","date_custom":"Y\/m\/d","content_pagination":"nav_1","pagination_align":"center","post_sticky":"0","post_offset":"0","posts_per_page":"5","sort_by":"latest"},"jnews_single_page":{"layout":"no-sidebar","sidebar":"default-sidebar","second_sidebar":"default-sidebar","sticky_sidebar":"1","show_post_title":"1","show_post_breadcrumbs":"1","show_post_featured":"1","share_position":"top","share_color":"share-monocrhome"},"footnotes":""},"class_list":["post-69","page","type-page","status-publish","hentry"],"_links":{"self":[{"href":"https:\/\/www.newsrecorder.ro\/app\/wp-json\/wp\/v2\/pages\/69","targetHints":{"allow":["GET"]}}],"collection":[{"href":"https:\/\/www.newsrecorder.ro\/app\/wp-json\/wp\/v2\/pages"}],"about":[{"href":"https:\/\/www.newsrecorder.ro\/app\/wp-json\/wp\/v2\/types\/page"}],"author":[{"embeddable":true,"href":"https:\/\/www.newsrecorder.ro\/app\/wp-json\/wp\/v2\/users\/1"}],"replies":[{"embeddable":true,"href":"https:\/\/www.newsrecorder.ro\/app\/wp-json\/wp\/v2\/comments?post=69"}],"version-history":[{"count":6,"href":"https:\/\/www.newsrecorder.ro\/app\/wp-json\/wp\/v2\/pages\/69\/revisions"}],"predecessor-version":[{"id":1765,"href":"https:\/\/www.newsrecorder.ro\/app\/wp-json\/wp\/v2\/pages\/69\/revisions\/1765"}],"wp:attachment":[{"href":"https:\/\/www.newsrecorder.ro\/app\/wp-json\/wp\/v2\/media?parent=69"}],"curies":[{"name":"wp","href":"https:\/\/api.w.org\/{rel}","templated":true}]}}